{"id":24258,"date":"2020-01-13T16:17:36","date_gmt":"2020-01-13T14:17:36","guid":{"rendered":"https:\/\/casadicurareginapacis.com\/?page_id=24258"},"modified":"2024-01-12T11:32:34","modified_gmt":"2024-01-12T09:32:34","slug":"via-il-dolore","status":"publish","type":"page","link":"https:\/\/casadicurareginapacis.com\/en\/via-il-dolore\/","title":{"rendered":"Open Day &#8220;Via il dolore!&#8221;"},"content":{"rendered":"\n<p> La<strong>&nbsp;terapia del dolore<\/strong>&nbsp;ha lo scopo di riconoscere, valutare e trattare nella maniera pi\u00f9 consona il dolore. E\u2019 un intervento terapeutico e scientifico applicato al trattamento del dolore. Quest\u2019ultimo causa spesso inabilit\u00e0 sia dal punto di vista fisico che emotivo minando seriamente la qualit\u00e0 di vita. Il dolore \u00e8 la chiara manifestazione di disturbi o malattie di tipo osseo, reumatico, metabolico o oncologico.<br>La terapia del dolore \u00e8 molto utilizzata durante le ultime fasi di una malattia terminale, come cura palliativa, ma \u00e8 molto utile anche nella cura di dolori cronici provocati da ernie\/protrusioni discali, interventi chirurgici, malattie delle articolazioni e muscolari fino ad arrivare alle malattie neurologiche.<br>La terapia del dolore della Casa di Cura \u201cRegina Pacis\u201d si avvale di specialisti di questa branca e di attrezzature e locali molto all&#8217;avanguardia nella diagnosi e nel trattamento di tali sintomi.<\/p>\n\n\n\n<figure class=\"wp-block-image size-large\"><img loading=\"lazy\" width=\"1024\" height=\"267\" src=\"https:\/\/casadicurareginapacis.com\/wp-content\/uploads\/2017\/12\/immagine-1024x267.jpg\" alt=\"\" class=\"wp-image-2422\" srcset=\"https:\/\/casadicurareginapacis.com\/wp-content\/uploads\/2017\/12\/immagine-1024x267.jpg 1024w, https:\/\/casadicurareginapacis.com\/wp-content\/uploads\/2017\/12\/immagine-300x78.jpg 300w, https:\/\/casadicurareginapacis.com\/wp-content\/uploads\/2017\/12\/immagine-768x200.jpg 768w, https:\/\/casadicurareginapacis.com\/wp-content\/uploads\/2017\/12\/immagine.jpg 1920w\" sizes=\"(max-width: 1024px) 100vw, 1024px\" \/><\/figure>\n\n\n\n<div class=\"wp-block-button alignleft\"><a class=\"wp-block-button__link has-pale-cyan-blue-background-color has-text-color has-background\" href=\"https:\/\/casadicurareginapacis.com\/terapia-del-dolore\/\" style=\"color:#090909\">Ambulatorio di &#8220;Terapia del Dolore&#8221;<\/a><\/div>\n\n\n\n<div class=\"wp-block-button alignleft\"><a class=\"wp-block-button__link has-luminous-vivid-orange-background-color has-text-color has-background\" href=\"http:\/\/www.salute.gov.it\/imgs\/C_17_opuscoliPoster_187_allegato.pdf\" style=\"color:#090909\">Opuscolo<\/a><\/div>\n\n\n\n<div class=\"wp-block-button alignleft\"><a class=\"wp-block-button__link has-vivid-cyan-blue-background-color has-text-color has-background\" href=\"https:\/\/casadicurareginapacis.com\/prenota\/\" style=\"color:#090909\">Prenota on line<\/a><\/div>\n\n\n<p><!--EndFragment--><\/p>","protected":false},"excerpt":{"rendered":"<p>La&nbsp;terapia del dolore&nbsp;ha lo scopo di riconoscere, valutare e trattare nella maniera pi\u00f9 consona il dolore. E\u2019 un intervento terapeutico e scientifico applicato al trattamento del dolore. Quest\u2019ultimo causa spesso inabilit\u00e0 sia dal punto di vista fisico che emotivo minando seriamente la qualit\u00e0 di vita. Il dolore \u00e8 la chiara manifestazione di disturbi o malattie [&hellip;]<\/p>\n","protected":false},"author":1,"featured_media":0,"parent":0,"menu_order":0,"comment_status":"closed","ping_status":"closed","template":"","meta":[],"_links":{"self":[{"href":"https:\/\/casadicurareginapacis.com\/en\/wp-json\/wp\/v2\/pages\/24258\/"}],"collection":[{"href":"https:\/\/casadicurareginapacis.com\/en\/wp-json\/wp\/v2\/pages\/"}],"about":[{"href":"https:\/\/casadicurareginapacis.com\/en\/wp-json\/wp\/v2\/types\/page\/"}],"author":[{"embeddable":true,"href":"https:\/\/casadicurareginapacis.com\/en\/wp-json\/wp\/v2\/users\/1\/"}],"replies":[{"embeddable":true,"href":"https:\/\/casadicurareginapacis.com\/en\/wp-json\/wp\/v2\/comments\/?post=24258"}],"version-history":[{"count":10,"href":"https:\/\/casadicurareginapacis.com\/en\/wp-json\/wp\/v2\/pages\/24258\/revisions\/"}],"predecessor-version":[{"id":44518,"href":"https:\/\/casadicurareginapacis.com\/en\/wp-json\/wp\/v2\/pages\/24258\/revisions\/44518\/"}],"wp:attachment":[{"href":"https:\/\/casadicurareginapacis.com\/en\/wp-json\/wp\/v2\/media\/?parent=24258"}],"curies":[{"name":"wp","href":"https:\/\/api.w.org\/{rel}","templated":true}]}}